{"id":2597,"date":"2023-11-21T14:24:47","date_gmt":"2023-11-21T14:24:47","guid":{"rendered":"https:\/\/chateau-lacrou.be\/notre-histoire\/"},"modified":"2024-09-12T15:00:29","modified_gmt":"2024-09-12T15:00:29","slug":"notre-histoire","status":"publish","type":"page","link":"https:\/\/chateau-lacrou.be\/fr\/notre-histoire\/","title":{"rendered":"Notre histoire"},"content":{"rendered":"\t\t<div data-elementor-type=\"wp-page\" data-elementor-id=\"2597\" class=\"elementor elementor-2597 elementor-165\" data-elementor-post-type=\"page\">\n\t\t\t\t<div class=\"elementor-element elementor-element-7a955cb e-flex e-con-boxed e-con e-parent\" data-id=\"7a955cb\" data-element_type=\"container\" data-e-type=\"container\" data-settings=\"{&quot;background_background&quot;:&quot;classic&quot;,&quot;jet_parallax_layout_list&quot;:[]}\">\n\t\t\t\t\t<div class=\"e-con-inner\">\n\t\t\t\t<div class=\"elementor-element elementor-element-cb58df0 elementor-widget elementor-widget-spacer\" data-id=\"cb58df0\" data-element_type=\"widget\" data-e-type=\"widget\" data-widget_type=\"spacer.default\">\n\t\t\t\t<div class=\"elementor-widget-container\">\n\t\t\t\t\t\t\t<div class=\"elementor-spacer\">\n\t\t\t<div class=\"elementor-spacer-inner\"><\/div>\n\t\t<\/div>\n\t\t\t\t\t\t<\/div>\n\t\t\t\t<\/div>\n\t\t\t\t\t<\/div>\n\t\t\t\t<\/div>\n\t\t<div class=\"elementor-element elementor-element-1422958 e-flex e-con-boxed e-con e-parent\" data-id=\"1422958\" data-element_type=\"container\" data-e-type=\"container\" data-settings=\"{&quot;jet_parallax_layout_list&quot;:[]}\">\n\t\t\t\t\t<div class=\"e-con-inner\">\n\t\t\t\t<div class=\"elementor-element elementor-element-4f64148 elementor-align-center elementor-widget elementor-widget-button\" data-id=\"4f64148\" data-element_type=\"widget\" data-e-type=\"widget\" data-widget_type=\"button.default\">\n\t\t\t\t<div class=\"elementor-widget-container\">\n\t\t\t\t\t\t\t\t\t<div class=\"elementor-button-wrapper\">\n\t\t\t\t\t<a class=\"elementor-button elementor-button-link elementor-size-sm\" href=\"#verhaal\">\n\t\t\t\t\t\t<span class=\"elementor-button-content-wrapper\">\n\t\t\t\t\t\t\t\t\t<span class=\"elementor-button-text\"> <\/span>\n\t\t\t\t\t<\/span>\n\t\t\t\t\t<\/a>\n\t\t\t\t<\/div>\n\t\t\t\t\t\t\t\t<\/div>\n\t\t\t\t<\/div>\n\t\t\t\t\t<\/div>\n\t\t\t\t<\/div>\n\t\t<div class=\"elementor-element elementor-element-ff841c2 e-flex e-con-boxed e-con e-parent\" data-id=\"ff841c2\" data-element_type=\"container\" data-e-type=\"container\" id=\"verhaal\" data-settings=\"{&quot;background_background&quot;:&quot;classic&quot;,&quot;jet_parallax_layout_list&quot;:[]}\">\n\t\t\t\t\t<div class=\"e-con-inner\">\n\t\t\t\t<div class=\"elementor-element elementor-element-9d00198 elementor-widget elementor-widget-heading\" data-id=\"9d00198\" data-element_type=\"widget\" data-e-type=\"widget\" data-widget_type=\"heading.default\">\n\t\t\t\t<div class=\"elementor-widget-container\">\n\t\t\t\t\t<h1 class=\"elementor-heading-title elementor-size-default\">Notre histoire<\/h1>\t\t\t\t<\/div>\n\t\t\t\t<\/div>\n\t\t\t\t<div class=\"elementor-element elementor-element-1a9812f elementor-widget elementor-widget-text-editor\" data-id=\"1a9812f\" data-element_type=\"widget\" data-e-type=\"widget\" data-widget_type=\"text-editor.default\">\n\t\t\t\t<div class=\"elementor-widget-container\">\n\t\t\t\t\t\t\t\t\t<p>Nous \u00e9tions \u00e0 la recherche d&rsquo;un lieu \u00e0 partager, un havre de paix et d&rsquo;inspiration o\u00f9 nous pourrions nous r\u00e9unir et profiter de la beaut\u00e9 de la nature. Nous r\u00eavions d&rsquo;une maison de campagne ou d&rsquo;un ch\u00e2teau, \u00e0 moins de deux heures de route de Bruxelles. Entour\u00e9e de verdure, en pleine nature, offrant suffisamment d&rsquo;espace pour respirer et s&rsquo;\u00e9panouir. De pr\u00e9f\u00e9rence \u00e0 r\u00e9nover, pour que nous puissions la mettre enti\u00e8rement \u00e0 notre go\u00fbt.    <\/p>\n\t\t\t\t\t\t\t\t<\/div>\n\t\t\t\t<\/div>\n\t\t\t\t\t<\/div>\n\t\t\t\t<\/div>\n\t\t<div class=\"elementor-element elementor-element-38423ba e-flex e-con-boxed e-con e-parent\" data-id=\"38423ba\" data-element_type=\"container\" data-e-type=\"container\" data-settings=\"{&quot;background_background&quot;:&quot;classic&quot;,&quot;jet_parallax_layout_list&quot;:[]}\">\n\t\t\t\t\t<div class=\"e-con-inner\">\n\t\t<div class=\"elementor-element elementor-element-6ba6e07 e-con-full e-flex e-con e-child\" data-id=\"6ba6e07\" data-element_type=\"container\" data-e-type=\"container\" data-settings=\"{&quot;background_background&quot;:&quot;classic&quot;,&quot;jet_parallax_layout_list&quot;:[]}\">\n\t\t\t\t<div class=\"elementor-element elementor-element-53f323c elementor-widget elementor-widget-spacer\" data-id=\"53f323c\" data-element_type=\"widget\" data-e-type=\"widget\" data-widget_type=\"spacer.default\">\n\t\t\t\t<div class=\"elementor-widget-container\">\n\t\t\t\t\t\t\t<div class=\"elementor-spacer\">\n\t\t\t<div class=\"elementor-spacer-inner\"><\/div>\n\t\t<\/div>\n\t\t\t\t\t\t<\/div>\n\t\t\t\t<\/div>\n\t\t\t\t<\/div>\n\t\t<div class=\"elementor-element elementor-element-d49307d e-con-full e-flex e-con e-child\" data-id=\"d49307d\" data-element_type=\"container\" data-e-type=\"container\" data-settings=\"{&quot;jet_parallax_layout_list&quot;:[]}\">\n\t\t\t\t<div class=\"elementor-element elementor-element-e87f94d elementor-widget elementor-widget-heading\" data-id=\"e87f94d\" data-element_type=\"widget\" data-e-type=\"widget\" data-widget_type=\"heading.default\">\n\t\t\t\t<div class=\"elementor-widget-container\">\n\t\t\t\t\t<h2 class=\"elementor-heading-title elementor-size-default\">L'exploration<\/h2>\t\t\t\t<\/div>\n\t\t\t\t<\/div>\n\t\t\t\t<div class=\"elementor-element elementor-element-200d063 elementor-widget elementor-widget-text-editor\" data-id=\"200d063\" data-element_type=\"widget\" data-e-type=\"widget\" data-widget_type=\"text-editor.default\">\n\t\t\t\t<div class=\"elementor-widget-container\">\n\t\t\t\t\t\t\t\t\t<p>Apr\u00e8s des mois de recherche en r\u00eavassant, nous sommes tomb\u00e9s sur des photos d\u2019Immoweb. Un dimanche de 2008, nous avons d\u00e9cid\u00e9 d&rsquo;aller voir sur place si les photos de cette maison de campagne appel\u00e9e Ch\u00e2teau Lacrou correspondaient bien \u00e0 la r\u00e9alit\u00e9.<br \/>De l\u2019autre c\u00f4t\u00e9 de la cl\u00f4ture d\u00e9labr\u00e9e, la vue sur la Semois nous a \u00e9blouis de sa splendeur. Les photos \u00e9taient vraies. Nature : check, ch\u00e2teau : check, distance de Bruxelles : check, \u00e0 r\u00e9nover : double check !     <\/p>\n\t\t\t\t\t\t\t\t<\/div>\n\t\t\t\t<\/div>\n\t\t\t\t<\/div>\n\t\t\t\t\t<\/div>\n\t\t\t\t<\/div>\n\t\t<div class=\"elementor-element elementor-element-f79793d e-flex e-con-boxed e-con e-parent\" data-id=\"f79793d\" data-element_type=\"container\" data-e-type=\"container\" data-settings=\"{&quot;background_background&quot;:&quot;classic&quot;,&quot;jet_parallax_layout_list&quot;:[]}\">\n\t\t\t\t\t<div class=\"e-con-inner\">\n\t\t<div class=\"elementor-element elementor-element-68b3488 e-con-full e-flex e-con e-child\" data-id=\"68b3488\" data-element_type=\"container\" data-e-type=\"container\" data-settings=\"{&quot;jet_parallax_layout_list&quot;:[]}\">\n\t\t\t\t<div class=\"elementor-element elementor-element-75ef538 elementor-widget elementor-widget-heading\" data-id=\"75ef538\" data-element_type=\"widget\" data-e-type=\"widget\" data-widget_type=\"heading.default\">\n\t\t\t\t<div class=\"elementor-widget-container\">\n\t\t\t\t\t<h2 class=\"elementor-heading-title elementor-size-default\">Les r\u00e9novations<\/h2>\t\t\t\t<\/div>\n\t\t\t\t<\/div>\n\t\t\t\t<div class=\"elementor-element elementor-element-a401357 elementor-widget elementor-widget-text-editor\" data-id=\"a401357\" data-element_type=\"widget\" data-e-type=\"widget\" data-widget_type=\"text-editor.default\">\n\t\t\t\t<div class=\"elementor-widget-container\">\n\t\t\t\t\t\t\t\t\t<p>Il a fallu encore un an et demi pour que la maison nous appartienne et que nous puissions commencer les travaux. Quelques travaux de rafistolage, pensions-nous, mais une r\u00e9novation compl\u00e8te s&rsquo;est impos\u00e9e. C&rsquo;est devenu une toute nouvelle maison dans son enveloppe authentique. Les enfants la d\u00e9crivaient comme une pierre creuse coiff\u00e9e d&rsquo;un toit. Mais cette grosse pierre creuse est devenue un lieu familial chaleureux.     <\/p>\n<p>Apr\u00e8s cinq ans de d\u00e9placements quasi tous les week-ends pour travailler, v\u00e9rifier, se plaindre, le courage nous manquait tellement que nous avons d\u00e9cid\u00e9 de renvoyer tous les entrepreneurs chez eux pendant quelques mois afin de renouer nous-m\u00eames avec notre r\u00eave. Le grenier \u00e9tait termin\u00e9, nous pouvions dormir sur place, nous laver, et la cuisine \u00e9tait elle aussi \u00e0 peu pr\u00e8s termin\u00e9e. Le temps d&rsquo;un \u00e9t\u00e9 et d&rsquo;un automne, Lacrou \u00e9tait \u00e0 nouveau \u00e0 nous.    <\/p>\n\t\t\t\t\t\t\t\t<\/div>\n\t\t\t\t<\/div>\n\t\t\t\t<\/div>\n\t\t<div class=\"elementor-element elementor-element-f0663b6 e-con-full e-flex e-con e-child\" data-id=\"f0663b6\" data-element_type=\"container\" data-e-type=\"container\" data-settings=\"{&quot;background_background&quot;:&quot;classic&quot;,&quot;jet_parallax_layout_list&quot;:[]}\">\n\t\t\t\t<div class=\"elementor-element elementor-element-da8029b elementor-widget elementor-widget-spacer\" data-id=\"da8029b\" data-element_type=\"widget\" data-e-type=\"widget\" data-widget_type=\"spacer.default\">\n\t\t\t\t<div class=\"elementor-widget-container\">\n\t\t\t\t\t\t\t<div class=\"elementor-spacer\">\n\t\t\t<div class=\"elementor-spacer-inner\"><\/div>\n\t\t<\/div>\n\t\t\t\t\t\t<\/div>\n\t\t\t\t<\/div>\n\t\t\t\t<\/div>\n\t\t\t\t\t<\/div>\n\t\t\t\t<\/div>\n\t\t<div class=\"elementor-element elementor-element-0deb733 e-flex e-con-boxed e-con e-parent\" data-id=\"0deb733\" data-element_type=\"container\" data-e-type=\"container\" data-settings=\"{&quot;background_background&quot;:&quot;classic&quot;,&quot;jet_parallax_layout_list&quot;:[]}\">\n\t\t\t\t\t<div class=\"e-con-inner\">\n\t\t<div class=\"elementor-element elementor-element-516fb3f e-con-full e-flex e-con e-child\" data-id=\"516fb3f\" data-element_type=\"container\" data-e-type=\"container\" data-settings=\"{&quot;background_background&quot;:&quot;classic&quot;,&quot;jet_parallax_layout_list&quot;:[]}\">\n\t\t\t\t<div class=\"elementor-element elementor-element-d1afc71 elementor-widget elementor-widget-spacer\" data-id=\"d1afc71\" data-element_type=\"widget\" data-e-type=\"widget\" data-widget_type=\"spacer.default\">\n\t\t\t\t<div class=\"elementor-widget-container\">\n\t\t\t\t\t\t\t<div class=\"elementor-spacer\">\n\t\t\t<div class=\"elementor-spacer-inner\"><\/div>\n\t\t<\/div>\n\t\t\t\t\t\t<\/div>\n\t\t\t\t<\/div>\n\t\t\t\t<\/div>\n\t\t<div class=\"elementor-element elementor-element-d66bdca e-con-full e-flex e-con e-child\" data-id=\"d66bdca\" data-element_type=\"container\" data-e-type=\"container\" data-settings=\"{&quot;jet_parallax_layout_list&quot;:[]}\">\n\t\t\t\t<div class=\"elementor-element elementor-element-25dc3a4 elementor-widget elementor-widget-heading\" data-id=\"25dc3a4\" data-element_type=\"widget\" data-e-type=\"widget\" data-widget_type=\"heading.default\">\n\t\t\t\t<div class=\"elementor-widget-container\">\n\t\t\t\t\t<h2 class=\"elementor-heading-title elementor-size-default\">La finition<\/h2>\t\t\t\t<\/div>\n\t\t\t\t<\/div>\n\t\t\t\t<div class=\"elementor-element elementor-element-add7dcb elementor-widget elementor-widget-text-editor\" data-id=\"add7dcb\" data-element_type=\"widget\" data-e-type=\"widget\" data-widget_type=\"text-editor.default\">\n\t\t\t\t<div class=\"elementor-widget-container\">\n\t\t\t\t\t\t\t\t\t<p>Puis vint la phase de finition. Beaucoup \u00e0 peindre, des meubles \u00e0 choisir. Des lits, de bons lits ! Les rideaux et tentures, les \u00e9clairages ! Nous sommes rest\u00e9s fid\u00e8les \u00e0 notre vision et avons fait de Lacrou une maison avec une \u00e2me.      <\/p>\n<p>Et puis sont arriv\u00e9s les h\u00f4tes, qui depuis font partie de notre histoire et go\u00fbtent \u00e0 la paix et \u00e0 l&rsquo;inspiration qu&rsquo;offre notre maison de campagne. <\/p>\n<p>Soyez les bienvenus !<\/p>\n\t\t\t\t\t\t\t\t<\/div>\n\t\t\t\t<\/div>\n\t\t\t\t<\/div>\n\t\t\t\t\t<\/div>\n\t\t\t\t<\/div>\n\t\t\t\t<\/div>\n\t\t","protected":false},"excerpt":{"rendered":"<p>Notre histoire Nous \u00e9tions \u00e0 la recherche d&rsquo;un lieu \u00e0 partager, un havre de paix et d&rsquo;inspiration o\u00f9 nous pourrions nous r\u00e9unir et profiter de la beaut\u00e9 de la nature. Nous r\u00eavions d&rsquo;une maison de campagne ou d&rsquo;un ch\u00e2teau, \u00e0 moins de deux heures de route de Bruxelles. Entour\u00e9e de verdure, en pleine nature, offrant [&hellip;]<\/p>\n","protected":false},"author":1,"featured_media":0,"parent":0,"menu_order":0,"comment_status":"closed","ping_status":"closed","template":"","meta":{"footnotes":""},"class_list":["post-2597","page","type-page","status-publish","hentry"],"_links":{"self":[{"href":"https:\/\/chateau-lacrou.be\/fr\/wp-json\/wp\/v2\/pages\/2597","targetHints":{"allow":["GET"]}}],"collection":[{"href":"https:\/\/chateau-lacrou.be\/fr\/wp-json\/wp\/v2\/pages"}],"about":[{"href":"https:\/\/chateau-lacrou.be\/fr\/wp-json\/wp\/v2\/types\/page"}],"author":[{"embeddable":true,"href":"https:\/\/chateau-lacrou.be\/fr\/wp-json\/wp\/v2\/users\/1"}],"replies":[{"embeddable":true,"href":"https:\/\/chateau-lacrou.be\/fr\/wp-json\/wp\/v2\/comments?post=2597"}],"version-history":[{"count":1,"href":"https:\/\/chateau-lacrou.be\/fr\/wp-json\/wp\/v2\/pages\/2597\/revisions"}],"predecessor-version":[{"id":2598,"href":"https:\/\/chateau-lacrou.be\/fr\/wp-json\/wp\/v2\/pages\/2597\/revisions\/2598"}],"wp:attachment":[{"href":"https:\/\/chateau-lacrou.be\/fr\/wp-json\/wp\/v2\/media?parent=2597"}],"curies":[{"name":"wp","href":"https:\/\/api.w.org\/{rel}","templated":true}]}}